{"id":367,"date":"2022-09-09T08:03:00","date_gmt":"2022-09-09T08:03:00","guid":{"rendered":"https:\/\/closer.lu\/?page_id=367"},"modified":"2025-01-27T12:39:40","modified_gmt":"2025-01-27T12:39:40","slug":"datenschutz","status":"publish","type":"page","link":"https:\/\/closer.lu\/de\/datenschutz\/","title":{"rendered":"Datenschutz"},"content":{"rendered":"[vc_row type=&#8220;in_container&#8220; full_screen_row_position=&#8220;middle&#8220; column_margin=&#8220;default&#8220; column_direction=&#8220;default&#8220; column_direction_tablet=&#8220;default&#8220; column_direction_phone=&#8220;default&#8220; scene_position=&#8220;center&#8220; top_padding=&#8220;2%&#8220; text_color=&#8220;dark&#8220; text_align=&#8220;left&#8220; row_border_radius=&#8220;none&#8220; row_border_radius_applies=&#8220;bg&#8220; overflow=&#8220;visible&#8220; overlay_strength=&#8220;0.3&#8243; gradient_direction=&#8220;left_to_right&#8220; shape_divider_position=&#8220;bottom&#8220; bg_image_animation=&#8220;none&#8220; shape_type=&#8220;&#8220;][vc_column column_padding=&#8220;no-extra-padding&#8220; column_padding_tablet=&#8220;inherit&#8220; column_padding_phone=&#8220;inherit&#8220; column_padding_position=&#8220;all&#8220; column_element_direction_desktop=&#8220;default&#8220; column_element_spacing=&#8220;default&#8220; desktop_text_alignment=&#8220;default&#8220; tablet_text_alignment=&#8220;default&#8220; phone_text_alignment=&#8220;default&#8220; background_color_opacity=&#8220;1&#8243; background_hover_color_opacity=&#8220;1&#8243; column_backdrop_filter=&#8220;none&#8220; column_shadow=&#8220;none&#8220; column_border_radius=&#8220;none&#8220; column_link_target=&#8220;_self&#8220; column_position=&#8220;default&#8220; gradient_direction=&#8220;left_to_right&#8220; overlay_strength=&#8220;0.3&#8243; width=&#8220;1\/1&#8243; tablet_width_inherit=&#8220;default&#8220; animation_type=&#8220;default&#8220; bg_image_animation=&#8220;none&#8220; border_type=&#8220;simple&#8220; column_border_width=&#8220;none&#8220; column_border_style=&#8220;solid&#8220;][nectar_btn size=&#8220;small&#8220; button_style=&#8220;regular&#8220; button_color_2=&#8220;Accent-Color&#8220; icon_family=&#8220;none&#8220; text=&#8220;Startseite&#8220; url=&#8220;\/de&#8220;][divider line_type=&#8220;No Line&#8220; custom_height=&#8220;50&#8243;][vc_column_text css=&#8220;&#8220; text_direction=&#8220;default&#8220;]\n<h2 class=\"p1\"><span class=\"s1\">POLITIK ZUM SCHUTZ PERSONENBEZOGENER DATEN<\/span><\/h2>\n<p class=\"p3\">Jugendhaiser JUKI ASBL verarbeitet im Rahmen der App CLOSER personenbezogene Daten nat\u00fcrlicher Personen.<\/p>\n<p class=\"p3\">JUKI nimmt den Schutz personenbezogener Daten sehr ernst und verpflichtet sich in seiner Eigenschaft als Verantwortlicher f\u00fcr die Datenverarbeitung (im Sinne der Richtlinie (EU) 2016\/678 des Europ\u00e4ischen Parlaments und des Rates vom 27. April 2016 zum Schutz nat\u00fcrlicher Personen bei der Verarbeitung personenbezogener Daten und zum freien Datenverkehr) zur Einhaltung der Bestimmungen zum Schutz personenbezogener Daten.<\/p>\n<p class=\"p3\">Die pers\u00f6nlichen Daten der Benutzer werden ausschlie\u00dflich f\u00fcr die in dieser Politik genannten Zwecke verwendet und JUKI gibt die pers\u00f6nlichen Daten der Benutzer, unter Vorbehalt der in dieser Politik erw\u00e4hnten Drittpersonen, an keine weiteren Personen weiter.<\/p>\n<p class=\"p3\"><span class=\"s1\"><b>Verantwortlicher<\/b><\/span><b> <\/b>und f\u00fcr Kommentare zum Thema Datenschutz und zur Durchsetzung der Rechte des Benutzers stets verf\u00fcgbar ist:<\/p>\n<p class=\"p3\">Jugendhaiser JUKI asbl<\/p>\n<p class=\"p3\">15, rue de Mamer<\/p>\n<p class=\"p3\">L-8280 Kehlen<\/p>\n<p class=\"p3\">Telefonnummer: +352\u00a0621\u00a0247\u00a0424<\/p>\n<p class=\"p3\">E-Mail: info&#64;juki&#46;lu<\/p>\n<p class=\"p3\"><span class=\"s1\"><b>ARTIKEL 1 \u2013 BEGRIFFSBESTIMMUNGEN<\/b><\/span><\/p>\n<p class=\"p3\">Die nachstehenden Begriffe, gleichg\u00fcltig ob sie im Singular oder im Plural verwendet werden, haben in der vorliegenden Politik zum Schutz personenbezogener Daten folgende Bedeutung:<\/p>\n<p class=\"p3\"><b>App<\/b> bezeichnet die Mobile App CLOSER.<\/p>\n<p class=\"p3\"><b>Auftragsverarbeiter<\/b> bezeichnet eine nat\u00fcrliche oder juristische Person, Beh\u00f6rde, Einrichtung oder andere Stelle, die personenbezogene Daten im Auftrag des Verantwortlichen verarbeitet.<\/p>\n<p class=\"p3\"><b>Benutzer<\/b> bezeichnet eine nat\u00fcrliche Person, die die App f\u00fcr ihren eigenen Bedarf und pers\u00f6nlichen Gebrauch heruntergeladen hat und die von CLOSER angebotenen Funktionen benutzt.<\/p>\n<p class=\"p3\"><b>CLOSER<\/b> bezeichnet die von Jugendhaiser JUKI asbl herausgegebene und zur Verf\u00fcgung gestellte Mobile App, die im App Store (iOS) von Apple, Google Play Store und auf der Android Webseite kostenlos zur Verf\u00fcgung steht, um vom Benutzer auf sein Apple iOS- und Android-Ger\u00e4t heruntergeladen zu werden.<\/p>\n<p class=\"p3\"><b>Cookies<\/b> bezeichnet kleine Text-Pakete mit unterschiedlichen Angaben, die auf dem Endger\u00e4t des Benutzers gespeichert werden.<\/p>\n<p class=\"p3\"><b>Dritter<\/b> bezeichnet eine nat\u00fcrliche oder juristische Person, Beh\u00f6rde, Einrichtung oder andere Stelle, au\u00dfer der betroffenen Person, dem Verantwortlichen, dem Auftragsverarbeiter und den Personen, die unter der unmittelbaren Verantwortung des Verantwortlichen oder des Auftragsverarbeiters befugt sind, die personenbezogenen Daten zu verarbeiten.<\/p>\n<p class=\"p3\"><b>DSGVO<\/b> bezeichnet die Richtlinie (EU) 2016\/679 des Europ\u00e4ischen Parlaments und des Rates vom 27. April 2016 zum Schutz nat\u00fcrlicher Personen bei der Verarbeitung personenbezogener Daten und zum freien Datenverkehr.<\/p>\n<p class=\"p3\"><b>Einwilligung<\/b> bezeichnet jede freiwillig f\u00fcr den bestimmten Fall, in informierter Weise und unmissverst\u00e4ndlich abgegebene Willensbekundung der betroffenen Person in Form einer Erkl\u00e4rung oder einer sonstigen eindeutigen best\u00e4tigenden Handlung, mit der die betroffene Person zu verstehen gibt, dass sie mit der Verarbeitung der sie betreffenden personenbezogenen Daten einverstanden ist.<\/p>\n<p class=\"p3\"><b>Empf\u00e4nger<\/b> bezeichnet eine nat\u00fcrliche oder juristische Person, Beh\u00f6rde, Einrichtung oder andere Stelle, der personenbezogene Daten offengelegt werden, unabh\u00e4ngig davon, ob es sich bei ihr um einen Dritten handelt oder nicht. Beh\u00f6rden, die im Rahmen eines bestimmten Untersuchungsauftrags nach dem Unionsrecht oder dem Recht des Mitgliedstaaten m\u00f6glicherweise personenbezogene Daten erhalten, gelten jedoch nicht als Empf\u00e4nger.<\/p>\n<p class=\"p3\"><b>JUKI<\/b> bezeichnet Jugendhaiser JUKI asbl \u2013 den Herausgeber von CLOSER und Verantwortlicher f\u00fcr den Schutz der personenbezogenen Daten von Benutzern der App.<\/p>\n<p class=\"p3\"><b>Personenbezogene Daten<\/b> bezeichnen s\u00e4mtliche Informationen, die sich auf eine identifizierte oder identifizierbare nat\u00fcrliche Person beziehen. Als identifizierbar wird eine nat\u00fcrliche Person angesehen, die direkt oder indirekt, insbesondere mittels Zuordnung zu einer Kennung wie einem Namen, zu einer Kennnummer, zu Standortdaten, zu einer Online-Kennung (z.B. IP-Adresse oder Cookies) oder zu einem oder mehreren besonderen Merkmalen, die Ausdruck der physischen, physiologischen, genetischen, psychischen, wirtschaftlichen, kulturellen oder sozialen Identit\u00e4t dieser nat\u00fcrlichen Person sind, identifiziert werden.<\/p>\n<p class=\"p3\"><b>Pseudonymisierung<\/b> bezeichnet<\/p>\n<p class=\"p3\"><b>PSPD<\/b> bezeichnet die Politik zum Schutz personenbezogener Daten von CLOSER.<\/p>\n<p class=\"p3\"><b>Verantwortlicher<\/b> bezeichnet die nat\u00fcrliche oder juristische Person, Beh\u00f6rde, Einrichtung oder andere Stelle, die allein oder gemeinsam mit anderen \u00fcber die Zwecke und Mittel der Verarbeitung von personenbezogenen Daten entscheidet. Im Rahmen der vorliegenden Politik zum Schutz personenbezogener Daten ist der Verantwortliche Jugendhaiser JUKI asbl.<\/p>\n<p class=\"p3\"><b>Verarbeitung<\/b> bezeichnet s\u00e4mtliche Vorg\u00e4nge oder eine Gesamtheit an Vorg\u00e4ngen, die anhand automatisierter oder nicht automatisierter Verfahren mit Anwendung auf personenbezogene Daten oder eine Gesamtheit an personenbezogenen Daten durchgef\u00fchrt werden.<\/p>\n<p class=\"p3\">Beispiele: Erfassung, Speicherung, Organisation, Strukturierung, Aufbewahrung, Anpassung oder Ver\u00e4nderung, Extraktion, Konsultation, Verwendung, \u00dcbermittlung, Verteilung oder jede andere Art von Bereitstellung, Zusammenf\u00fchrung oder Verbindung, Einschr\u00e4nkung, L\u00f6schung oder Vernichtung.<\/p>\n<p class=\"p3\"><span class=\"s1\"><b>ARTIKEL 2 \u2013 UMFANG DER VERARBEITUNG PERSONENBEZOGENER DATEN<\/b><\/span><\/p>\n<p class=\"p3\">Die personenbezogenen Daten der Benutzer werden grunds\u00e4tzlich nur verarbeitet, soweit dies zur Bereitstellung der Inhalte und Funktionen von CLOSER erforderlich ist. Die Erhebung und Verwendung personenbezogener Daten erfolgt nur nach Einwilligung des Benutzers oder wenn die Verarbeitung der Daten durch gesetzliche Vorschriften gestattet ist.<\/p>\n<p class=\"p3\">Welche personenbezogenen Daten an JUKI \u00fcbermittelt und gespeichert werden, ergibt sich aus der jeweiligen Eingabemaske und den bei der Registrierung zur Verf\u00fcgung gestellten Informationen. Die im Rahmen der Registrierung eingegebenen Daten werden f\u00fcr die Zwecke der Nutzung von CLOSER verwendet.<\/p>\n<p class=\"p3\">Personen unter 16 Jahren d\u00fcrfen ohne Zustimmung der Eltern oder Erziehungsberechtigten keine personenbezogenen Daten an JUKI \u00fcbermitteln.<\/p>\n<p class=\"p3\">Zu den personenbezogenen Daten geh\u00f6ren (Liste ohne Anspruch auf Vollst\u00e4ndigkeit):<\/p>\n<p class=\"p3\">-IP-Adresse;<\/p>\n<p class=\"p3\">-Datum und Uhrzeit der Verbindung;<\/p>\n<p class=\"p3\">-Name, Vorname, Geschlecht, Geburtsdatum und Wohnadresse;<\/p>\n<p class=\"p3\">-Telefonnummer;<\/p>\n<p class=\"p3\">-Standortdaten;<\/p>\n<p class=\"p3\">-die vom Benutzer auf seinem\/ihrem Konto freiwillig angegebenen Profildaten.<\/p>\n<p class=\"p3\">Zu den Standortdaten geh\u00f6ren der vom Benutzer gew\u00e4hlte Wohnort, der Ort, von dem der Benutzer sich gerade einloggt und\/oder die GPS-Position des zur Nutzung von CLOSER gebrauchten Endger\u00e4ts.<\/p>\n<p class=\"p3\">Die IP-Adressen und der Zeitpunkt der jeweiligen Nutzerhandlung erfolgt auf Grundlage der berechtigten Interessen von JUKI und dient dem Schutz vor Missbrauch und sonstiger unbefugter Nutzung. Eine Weitergabe dieser Daten an Dritte erfolgt grunds\u00e4tzlich nicht, au\u00dfer sie ist zur Verfolgung der rechtlichen Anspr\u00fcche von JUKI erforderlich oder es besteht eine gesetzliche Verpflichtung.<\/p>\n<p class=\"p3\"><span class=\"s1\"><b>ARTIKEL 3 \u2013 WEITERGABE PERSONENBEZOGENER DATEN AN DIENSTLEISTER<\/b><\/span><\/p>\n<p class=\"p3\">Die personenbezogenen Daten des Benutzers werden nicht kommerzialisiert und grunds\u00e4tzlich auch f\u00fcr andere Zwecke nur mit dem ausdr\u00fccklichen Einverst\u00e4ndnis des Benutzers an Dritte weitergegeben.<\/p>\n<p class=\"p3\">Der Benutzer erkl\u00e4rt sich jedoch damit einverstanden, dass JUKI in folgenden F\u00e4llen auf personenbezogene Daten zugreifen, diese speichern und weitergeben darf:<\/p>\n<ul class=\"ul1\">\n<li class=\"li6\">um die geltenden Gesetze einzuhalten,<\/li>\n<li class=\"li6\">wenn eine Strafverfolgungsbeh\u00f6rde dies verlangt,<\/li>\n<li class=\"li6\">zur Durchsetzung der Allgemeinen Nutzungsbedingungen von CLOSER und dieser Politik zum Schutz personenbezogener Daten,<\/li>\n<li class=\"li6\">zur Untersuchung vermutetet oder tats\u00e4chlicher illegaler Aktivit\u00e4ten,<\/li>\n<li class=\"li6\">zum Schutz der Sicherheit oder der Rechte anderer Benutzer und JUKI.<\/li>\n<\/ul>\n<p class=\"p3\">Teilweise arbeitet JUKI zur Verarbeitung der Daten und zur Bereitstellung von CLOSER mit externen Dienstleistern. S\u00e4mtliche der von JUKI ausgew\u00e4hlten Dienstleister bieten hinreichend Garantien daf\u00fcr, dass geeignete technische und organisatorische Ma\u00dfnahmen so durchgef\u00fchrt werden, dass die Verarbeitung der personenbezogenen Daten im Einklang mit den Anforderungen der DSGVO ist.<\/p>\n<p class=\"p3\">JUKI arbeitet zusammen mit:<\/p>\n<p class=\"p3\"><span class=\"s1\">Custom Coding<\/span> mit Sitz in 3, Um Groestaen, L-6850 Manternach, Luxemburg;<\/p>\n<p class=\"p3\"><span class=\"s1\">Google Maps<\/span> \u2013 Google Ireland Limited mit Sitz in Gordon House, Barrow Street, Dublin 4, Irland;<\/p>\n<p class=\"p3\"><span class=\"s1\">Google Firebase<\/span> (Cloud Messaging\/Push Service) \u2013 Google Inc. Mit Sitz in 1600 Amphitheatre Parkway, Mountain View, CA 94043, Vereinigten Staaten;<\/p>\n<p class=\"p3\"><span class=\"s1\">Spryng B.V.<\/span> mit Sitz in Bakkersstraat 23, 1017 CW Amsterdam, Niederlande;<\/p>\n<p class=\"p3\"><span class=\"s1\">Servers.com<\/span> (3, op der Poukewiss, L-7795 Roost) mit offiziellem Sitz in 22 Keienbergweg, 1101GB Amsterdam, Niederlande. E-Mail: a&#98;&#x75;&#x73;e&#64;&#x73;&#x65;r&#118;&#x65;&#x72;s&#46;&#x63;&#x6f;m;<\/p>\n<p class=\"p3\"><span class=\"s1\">Gcore.com<\/span> mit Sitz in 2-4 rue Edmond Reuter, L-5326 Contern, Luxemburg.<\/p>\n<p class=\"p3\"><span class=\"s1\"><b>ARTIKEL 4 \u2013 F\u00dcR ANDERE BENUTZER SICHTBARE PERSONENBEZOGENE DATEN<\/b><\/span><\/p>\n<p class=\"p3\">Zu den von s\u00e4mtlichen Benutzern von CLOSER sichtbaren personenbezogenen Daten geh\u00f6ren, es sei denn eine oder mehrere Personen w\u00e4ren von einem Benutzer blockiert worden:<span class=\"Apple-converted-space\">\u00a0 <\/span>Name, Vorname, Geschlecht, Alter und Profilbild eines jeden Benutzers.<\/p>\n<p class=\"p3\">Die Wohnadresse spezifischer Personen sind f\u00fcr einen Benutzer nur dann sichtbar, wenn der Benutzer die Ver\u00f6ffentlichung seiner eigenen Wohnadresse f\u00fcr die gleichen Personen bewusst freigeschaltet hat.<\/p>\n<p class=\"p3\"><span class=\"s1\"><b>ARTIKEL 5 \u2013 COOKIE-RICHTLINIEN<\/b><\/span><\/p>\n<p class=\"p3\"><span class=\"s1\"><b>5.1. VERWENDUNG VON COOKIES<\/b><\/span><\/p>\n<p class=\"p3\">Bei der Nutzung von CLOSER werden Cookies auf dem Endger\u00e4t des Benutzers gespeichert. Hierbei handelt es sich um kleine Text-Pakete in denen unterschiedliche Angaben gespeichert werden, die von der Stelle, die der Cookie setzt, ausgelesen werden k\u00f6nnen. Das Endger\u00e4t des Benutzers enth\u00e4lt in der Regel eine charakteristische Zeichenfolge (ID), die eine eindeutige Identifizierung beim erneuten Aufrufen der App erm\u00f6glicht.<\/p>\n<p class=\"p3\">Cookies, die gespeichert werden, wenn der Benutzer die App besucht, erkennen den Benutzer nicht pers\u00f6nlich als Individuum, sondern erkennen nur das Ger\u00e4t, das der Nutzer gerade benutzt. Cookies speichern keine sensiblen pers\u00f6nlichen Daten, sondern geben lediglich Informationen \u00fcber die Navigation des Benutzers, so dass sein Ger\u00e4t sp\u00e4ter wiedererkannt werden kann.<\/p>\n<p class=\"p3\">Ziel der von CLOSER gespeicherten Cookies ist ausschlie\u00dflich das zur Optimierung der App ben\u00f6tigte Aufstellen und Auswerten von Statistiken. Statistiken dienen dazu, die Nutzung von CLOSER nachzuvollziehen und anhand der gesammelten Informationen zu verbessern. Die durch die Installation von Cookies erhaltenen Informationen werden weder f\u00fcr kommerzielle, noch sonstige Zwecke an dritte Personen verkauft und\/oder weitergegeben.<\/p>\n<p class=\"p3\">Die gespeicherten Cookies erm\u00f6glichen es, die Navigation auf der App zu erleichtern und die Dienste von CLOSER zu verbessern:<\/p>\n<p class=\"p3\">-indem die die Darstellung der App an die Anzeigepr\u00e4ferenzen des Endger\u00e4ts des Benutzers anpassen (Anzeigeaufl\u00f6sung, verwendetes Betriebssystem,\u2026);<\/p>\n<p class=\"p3\">-indem sie dem Benutzer den Zugang zu reservierten und pers\u00f6nlichen Bereichen der App mithilfe von zuvor anvertrauten Kennungen oder Daten erm\u00f6glichen;<\/p>\n<p class=\"p3\">-indem sie Sicherheitsma\u00dfnahmen umsetzen;<\/p>\n<p class=\"p3\">-indem sie die Erstellung von Statistiken und Volumen \u00fcber den Besuch und die Nutzung der verschiedenen Elemente, aus denen die App besteht, erm\u00f6glichen.<\/p>\n<p class=\"p3\"><span class=\"s1\"><b>5.2. DIE ZUSTIMMUNG ZU COOKIES<\/b><\/span><\/p>\n<p class=\"p3\">Die Speicherung von Cookies auf einem Endger\u00e4t unterliegt dem Willen des Benutzers des Endger\u00e4ts, welcher der Benutzer jederzeit kostenlos \u00fcber die von der App angebotenen M\u00f6glichkeiten ausdr\u00fccken und \u00e4ndern kann Der Benutzer entscheidet , ob er\/sie Cookies auf dem Endger\u00e4t gespeichert haben m\u00f6chte.<\/p>\n<p class=\"p3\"><span class=\"s1\"><b>5.3. DIE ABLEHNUNG VON COOKIES UND DIE FOLGEN<\/b><\/span><\/p>\n<p class=\"p3\">Wenn der Benutzer die Speicherung von Cookies auf seinem Endger\u00e4t ablehnt, kann er\/sie eine Reihe von Funktionen der App nicht mehr nutzen, die f\u00fcr den Zugang zu bestimmten Bereichen der App erforderlich sind.<\/p>\n<p class=\"p3\">Gegebenenfalls lehnt JUKI jede Haftung f\u00fcr die Folgen ab, die sich aus dem beeintr\u00e4chtigten Funktionieren der App ergeben, die sich aus der Unm\u00f6glichkeit ergeben, die Cookies zu speichern oder abzurufen, die f\u00fcr das reibungslose Funktionieren der App erforderlich sind und die der Benutzer abgelehnt hat.<\/p>\n<p class=\"p3\"><span class=\"s1\"><b>ARTIKEL 6 \u2013 L\u00d6SCHUNG VON DATEN UND SPEICHERDAUER<\/b><\/span><\/p>\n<p class=\"p3\">Die personenbezogenen Daten der Benutzer werden gem\u00e4\u00df den gesetzlichen Verpflichtungen oder f\u00fcr die Dauer aufbewahrt, die f\u00fcr die Nutzung von CLOSER n\u00f6tig ist. Demzufolge werden personenbezogene Daten gel\u00f6scht, sobald ein Benutzerkonto gel\u00f6scht wurde und dadurch der Zweck f\u00fcr die Speicherung entf\u00e4llt. Dar\u00fcber hinaus kann eine Speicherung jedoch erfolgen, wenn dies durch den europ\u00e4ischen oder nationalen Gesetzgeber in EU-Verordnungen, Gesetzen oder sonstigen Vorschriften, denen JUKI unterliegt, vorgesehen wurde, oder das L\u00f6schen der Daten aus Beweisgr\u00fcnden nachteilig und\/oder verboten w\u00e4re.<\/p>\n<p class=\"p3\">Entscheidet sich der Benutzer sein Benutzerkonto zu l\u00f6schen, werden die dazugeh\u00f6renden personenbezogenen Daten mit sofortiger Wirkung gel\u00f6scht.<\/p>\n<p class=\"p3\"><span class=\"s1\"><b>ARTIKEL 7 \u2013 RECHTE DES BENUTZERS IM RAHMEN DES SCHUTZES PERSONENBEZOGENER DATEN<\/b><\/span><\/p>\n<p class=\"p3\"><span class=\"s1\"><b>7.1 RECHT AUF WIDERRUF EINER DATENSCHUTZRECHTLICHEN EINWILLIGUNGSERKL\u00c4RUNG<\/b><\/span><\/p>\n<p class=\"p3\">Sofern die Verarbeitung der personenbezogenen Daten auf einer erteilten Einwilligung beruht, hat der Benutzer das Recht die Einwilligung jederzeit zu wiederrufen. Durch den Widerruf der Einwilligung wird die Rechtm\u00e4\u00dfigkeit der aufgrund der Einwilligung bis zum Wiederruf erfolgten Verarbeitung nicht ber\u00fchrt.<\/p>\n<p class=\"p3\"><span class=\"s1\"><b>7.2 RECHT AUF AUSKUNFT<\/b><\/span><\/p>\n<p class=\"p3\">Der Benutzer hat das Recht, von dem Verantwortlichen eine Best\u00e4tigung dar\u00fcber zu verlangen, ob betreffende personenbezogene Daten verarbeitet werden. Ist dies der Fall, so hat der Benutzer ein Recht auf Auskunft \u00fcber diese personenbezogene Daten und auf folgende Informationen:<\/p>\n<p class=\"p3\">-die Verarbeitungszwecke;<\/p>\n<p class=\"p3\">-die Kategorien personenbezogener Daten, die verarbeitet werden;<\/p>\n<p class=\"p3\">-die Empf\u00e4nger oder Kategorien von Empf\u00e4ngern, gegen\u00fcber denen die personenbezogenen Daten gespeichert werden, oder, falls dies nicht m\u00f6glich ist, die Kriterien f\u00fcr die Festlegung dieser Dauer;<\/p>\n<p class=\"p3\">-das Bestehen eines Rechts auf Berichtigung oder L\u00f6schung der betreffenden personenbezogenen Daten oder auf Einschr\u00e4nkung der Verarbeitung durch den Verantwortlichen oder eines Widerspruchsrechts gegen diese Verarbeitung;<\/p>\n<p class=\"p3\">-das Bestehen eines Beschwerderechts bei einer Aufsichtsbeh\u00f6rde;<\/p>\n<p class=\"p3\">-wenn die personenbezogenen Daten nicht bei der betroffenen Person erhoben werden, alle verf\u00fcgbaren Informationen \u00fcber die Herkunft der Daten;<\/p>\n<p class=\"p3\">-das eventuelle Bestehen einer automatisierten Entscheidungsfindung einschlie\u00dflich Profiling gem\u00e4\u00df Artikel 22 Abs\u00e4tze 1 und 4 der DSGVO und \u2013 zumindest in diesen F\u00e4llen \u2013 aussagekr\u00e4ftige Informationen \u00fcber die involvierte Logik sowie die Tragweite und die angestrebten Auswirkungen einer derartigen Verarbeitung f\u00fcr die betroffene Person.<\/p>\n<p class=\"p3\">Nach Eingang eines Auskunftsersuchens stellt JUKI innerhalb von 4 Wochen eine Kopie der personenbezogenen Daten, die Gegenstand der Verarbeitung sind, zur Verf\u00fcgung. F\u00fcr alle weiteren Kopien, die der Benutzer beantragt, kann JUKI ein angemessenes Entgelt auf der Grundlage der Verwaltungskosten verlangen. Stellt der Benutzer den Antrag elektronisch, stellt JUKI die Informationen in einem g\u00e4ngigen elektronischen Format zur Verf\u00fcgung, sofern sie nichts anderes angibt.<\/p>\n<p class=\"p3\"><span class=\"s1\"><b>7.3 RECHT AUF BERICHTIGUNG<\/b><\/span><\/p>\n<p class=\"p3\">Der Benutzer hat das Recht, von JUKI unverz\u00fcglich die Berichtigung ihn\/sie betreffender unrichtiger personenbezogener Daten zu verlangen. Unter Ber\u00fccksichtigung der Zwecke der Verarbeitung hat der Benutzer das Recht, die Vervollst\u00e4ndigung unvollst\u00e4ndiger personenbezogener Daten \u2013 auch mittels einer erg\u00e4nzenden Erkl\u00e4rung \u2013 zu verlangen.<\/p>\n<p class=\"p3\"><span class=\"s1\"><b>7.4 RECHT AUF VERGESSENWERDEN \/ L\u00d6SCHUNG<\/b><\/span><\/p>\n<p class=\"p3\">Der Benutzer hat das Recht, von JUKI zu verlangen, dass ihn\/sie betreffende personenbezogene Daten unverz\u00fcglich gel\u00f6scht werden, und JUKI ist verpflichtet, personenbezogene Daten unverz\u00fcglich zu l\u00f6schen sofern einer der folgenden Gr\u00fcnde zutrifft:<\/p>\n<p class=\"p3\">-die personenbezogenen Daten sind f\u00fcr die Zwecke, f\u00fcr die sie erhoben oder auf sonstige Weise verarbeitet wurden, nicht mehr notwendig;<\/p>\n<p class=\"p3\">-der Benutzer widerruft seine\/ihre Einwilligung, auf die sich die Verarbeitung und es fehlt an einer anderweitigen Rechtsgrundlage f\u00fcr die Verarbeitung;<\/p>\n<p class=\"p3\">-der Benutzer legt Widerspruch gegen die Verarbeitung ein und es liegen keine vorrangigen berechtigten Gr\u00fcnde f\u00fcr die Verarbeitung vor;<\/p>\n<p class=\"p3\">-die personenbezogenen Daten wurden unrechtm\u00e4\u00dfig verarbeitet;<\/p>\n<p class=\"p3\">-die L\u00f6schung der personenbezogenen Daten ist zur Erf\u00fcllung einer rechtlichen Verpflichtung erforderlich;<\/p>\n<p class=\"p3\">-die personenbezogenen Daten wurden in Bezug auf angebotene Dienste der Informationsgesellschaft gem\u00e4\u00df Artikel 8 Absatz 1 der DSGVO erhoben.<\/p>\n<p class=\"p3\">Hat JUKI die personenbezogenen Daten \u00f6ffentlich gemacht und ist zu deren L\u00f6schung verpflichtet, so trifft JUKI unter Ber\u00fccksichtigung der verf\u00fcgbaren Technologie und der Implementierungskosten angemessene Ma\u00dfnahmen, auch technischer Art, um f\u00fcr die Datenverarbeitung Verantwortliche, die die personenbezogenen Daten verarbeiten, dar\u00fcber zu informieren, dass eine betroffene Person von Ihnen die L\u00f6schung aller Links zu den personenbezogenen Daten oder von Kopien oder Replikationen dieser personenbezogenen Daten verlangt hat.<\/p>\n<p class=\"p3\">Das Recht auf L\u00f6schung besteht nicht, soweit die Verarbeitung erforderlich ist:<\/p>\n<p class=\"p3\">-zur Aus\u00fcbung des Rechts auf freie Meinungs\u00e4u\u00dferung und Information;<\/p>\n<p class=\"p3\">-zur Erf\u00fcllung einer rechtlichen Verpflichtung, die die Verarbeitung nachanwendbarem Recht erfordert, oder zur Wahrnehmung einer Aufgabe, die im \u00f6ffentlichen Interesse liegt oder in Aus\u00fcbung \u00f6ffentlicher Gewalt erfolgt, die an JUKI \u00fcbertragen wurde;<\/p>\n<p class=\"p3\">-aus Gr\u00fcnden des \u00f6ffentlichen Interesses im Bereich der \u00f6ffentlichen Gesundheit gem\u00e4\u00df Artikel 9 Absatz 2 Buchstaben h und i sowie Artikel 9 Absatz 3 der DSGVO;<\/p>\n<p class=\"p3\">-f\u00fcr im \u00f6ffentlichen Interesse liegende Archivzwecke, wissenschaftliche oder historische Forschungszwecke oder f\u00fcr statistische Zwecke gem\u00e4\u00df Artikel 89 Absatz 1, soweit das in Absatz 1 genannte Recht voraussichtlich die Verwirklichung der Ziele dieser Verarbeitung unm\u00f6glich macht oder ernsthaft beeintr\u00e4chtigt, oder<\/p>\n<p class=\"p3\">-zur Geltendmachung, Aus\u00fcbung oder Verteidigung von Rechtsanspr\u00fcchen.<\/p>\n<p class=\"p3\"><span class=\"s1\"><b>7.5 RECHT AUF EINSCHR\u00c4NKUNG DER VERARBEITUNG<\/b><\/span><\/p>\n<p class=\"p3\">Der Benutzer hat das Recht, von JUKI die Einschr\u00e4nkung der Verarbeitung zu verlangen, wenn eine der folgenden Voraussetzungen gegeben ist:<\/p>\n<p class=\"p3\">-die Richtigkeit der personenbezogenen Daten des Benutzers bestritten wird, und zwar f\u00fcr eine Dauer, die es JUKI erm\u00f6glicht, die Richtigkeit der personenbezogenen Daten zu \u00fcberpr\u00fcfen;<\/p>\n<p class=\"p3\">-die Verarbeitung unrechtm\u00e4\u00dfig ist und der Benutzer die L\u00f6schung der personenbezogenen Daten ablehnt und stattdessen die Einschr\u00e4nkung der Nutzung der personenbezogenen Daten verlangt;<\/p>\n<p class=\"p3\">-JUKI die personenbezogenen Daten f\u00fcr die Zwecke der Verarbeitung nicht l\u00e4nger ben\u00f6tigt, der Benutzer sie jedoch zur Geltendmachung, Aus\u00fcbung oder Verteidigung von Rechtsanspr\u00fcchen ben\u00f6tigt, oder<\/p>\n<p class=\"p3\">-der Benutzer Widerspruch gegen die Verarbeitung gem\u00e4\u00df Artikel 21 Absatz 1 der DSGVO eingelegt hat, solange noch nicht feststeht, ob die berechtigten Gr\u00fcnde von JUKI gegen\u00fcber denen des Benutzers \u00fcberwiegen.<\/p>\n<p class=\"p3\">Wurde die Verarbeitung personenbezogener Daten eingeschr\u00e4nkt, so d\u00fcrfen diese personenbezogenen Daten \u2013 von ihrer Speicherung abgesehen \u2013 nur mit Einwilligung des betroffenen Benutzers oder zur Geltendmachung, Aus\u00fcbung oder Verteidigung von Rechtsanspr\u00fcchen oder zum Schutz der Rechte einer anderen nat\u00fcrlichen oder juristischen Person oder aus Gr\u00fcnden eines wichtigen \u00f6ffentlichen Interesses der Europ\u00e4ischen Union oder eines Mitgliedstaats verarbeitet werden.<\/p>\n<p class=\"p3\"><span class=\"s1\"><b>7.6 RECHT AUF DATEN\u00dcBERTRAGBARKEIT<\/b><\/span><\/p>\n<p class=\"p3\">Der Benutzer hat das Recht, die ihn\/sie betreffenden personenbezogenen Daten, die JUKI bereitgestellt wurden, in einem strukturierten, g\u00e4ngigen und maschinelesbaren Format zu erhalten, und der Benutzer hat das Recht, diese Daten einem anderen Verantwortlichen ohne Behinderung durch JUKI zu \u00fcbermitteln.<\/p>\n<p class=\"p3\">Bei der Aus\u00fcbung des Rechts auf Daten\u00fcbertragbarkeit hat der Benutzer das Recht, zu erwirken, dass die personenbezogenen Daten direkt von JUKI einem anderen Verantwortlichen \u00fcbermittelt werden, soweit dies technisch machbar ist.<\/p>\n<p class=\"p3\">Die Aus\u00fcbung des Rechts auf Daten\u00fcbertragbarkeit l\u00e4sst das Recht auf L\u00f6schung unber\u00fchrt. Dieses Recht gilt nicht f\u00fcr eine Verarbeitung, die f\u00fcr die Wahrnehmung einer Aufgabe erforderlich ist, die im \u00f6ffentlichen Interesse liegt oder in Aus\u00fcbung \u00f6ffentlicher Gewalt erfolgt, die dem Verantwortlichen \u00fcbertragen wurde.<\/p>\n<p class=\"p3\"><span class=\"s1\"><b>7.7 RECHT AUF BESCHWERDE BEI DER ZUST\u00c4NDIGEN KONTROLLBEH\u00d6RDE<\/b><\/span><\/p>\n<p class=\"p3\">Jeder Benutzer hat unbeschadet eines anderweitigen verwaltungsrechtlichen oder gerichtlichen Rechtsbehelfs das Recht auf Beschwerde bei einer Aufsichtsbeh\u00f6rde, insbesondere in dem Staat seines\/ihres Aufenthaltsorts, ihres Arbeitsplatzes oder des Orts des mutma\u00dflichen Versto\u00dfes, wenn die betroffene Person der Ansicht ist, dass die Verarbeitung der sie betreffenden personenbezogenen Daten gegen diese Verordnung verst\u00f6\u00dft.<\/p>\n<p class=\"p3\">Bei Fragen oder Antr\u00e4gen bez\u00fcglich personenbezogener Daten und zur Durchsetzung der vorliegenden Rechte, kann jeder Benutzer von CLOSER sich per Post oder E-mail an JUKI wenden:<\/p>\n<p class=\"p3\">15, rue de Mamer, L-8280 Kehlen (Luxemburg)<\/p>\n<p class=\"p3\">&#x69;&#x6e;&#102;o&#64;&#x6a;&#x75;&#107;&#105;&#46;&#x6c;&#x75;<\/p>\n[\/vc_column_text][\/vc_column][\/vc_row]\n","protected":false},"excerpt":{"rendered":"<p>[vc_row type=&#8220;in_container&#8220; full_screen_row_position=&#8220;middle&#8220; column_margin=&#8220;default&#8220; column_direction=&#8220;default&#8220; column_direction_tablet=&#8220;default&#8220; column_direction_phone=&#8220;default&#8220; scene_position=&#8220;center&#8220; top_padding=&#8220;2%&#8220; text_color=&#8220;dark&#8220; text_align=&#8220;left&#8220; row_border_radius=&#8220;none&#8220; row_border_radius_applies=&#8220;bg&#8220; overflow=&#8220;visible&#8220; overlay_strength=&#8220;0.3&#8243; gradient_direction=&#8220;left_to_right&#8220; shape_divider_position=&#8220;bottom&#8220; bg_image_animation=&#8220;none&#8220; shape_type=&#8220;&#8220;][vc_column column_padding=&#8220;no-extra-padding&#8220; column_padding_tablet=&#8220;inherit&#8220; column_padding_phone=&#8220;inherit&#8220; column_padding_position=&#8220;all&#8220; column_element_direction_desktop=&#8220;default&#8220; column_element_spacing=&#8220;default&#8220; desktop_text_alignment=&#8220;default&#8220; tablet_text_alignment=&#8220;default&#8220; phone_text_alignment=&#8220;default&#8220; background_color_opacity=&#8220;1&#8243; background_hover_color_opacity=&#8220;1&#8243;&#8230;<\/p>\n","protected":false},"author":1,"featured_media":0,"parent":0,"menu_order":0,"comment_status":"closed","ping_status":"closed","template":"","meta":{"_acf_changed":false,"inline_featured_image":false,"footnotes":""},"class_list":["post-367","page","type-page","status-publish"],"acf":[],"_links":{"self":[{"href":"https:\/\/closer.lu\/de\/wp-json\/wp\/v2\/pages\/367","targetHints":{"allow":["GET"]}}],"collection":[{"href":"https:\/\/closer.lu\/de\/wp-json\/wp\/v2\/pages"}],"about":[{"href":"https:\/\/closer.lu\/de\/wp-json\/wp\/v2\/types\/page"}],"author":[{"embeddable":true,"href":"https:\/\/closer.lu\/de\/wp-json\/wp\/v2\/users\/1"}],"replies":[{"embeddable":true,"href":"https:\/\/closer.lu\/de\/wp-json\/wp\/v2\/comments?post=367"}],"version-history":[{"count":11,"href":"https:\/\/closer.lu\/de\/wp-json\/wp\/v2\/pages\/367\/revisions"}],"predecessor-version":[{"id":1092,"href":"https:\/\/closer.lu\/de\/wp-json\/wp\/v2\/pages\/367\/revisions\/1092"}],"wp:attachment":[{"href":"https:\/\/closer.lu\/de\/wp-json\/wp\/v2\/media?parent=367"}],"curies":[{"name":"wp","href":"https:\/\/api.w.org\/{rel}","templated":true}]}}