{"id":830,"date":"2022-09-09T08:03:00","date_gmt":"2022-09-09T08:03:00","guid":{"rendered":"https:\/\/closer.lu\/data-policy\/"},"modified":"2025-01-27T13:00:56","modified_gmt":"2025-01-27T13:00:56","slug":"data-policy","status":"publish","type":"page","link":"https:\/\/closer.lu\/fr\/data-policy\/","title":{"rendered":"Politique de protection des donn\u00e9es personnelles"},"content":{"rendered":"[vc_row type=\u00a0\u00bbin_container\u00a0\u00bb full_screen_row_position=\u00a0\u00bbmiddle\u00a0\u00bb column_margin=\u00a0\u00bbdefault\u00a0\u00bb column_direction=\u00a0\u00bbdefault\u00a0\u00bb column_direction_tablet=\u00a0\u00bbdefault\u00a0\u00bb column_direction_phone=\u00a0\u00bbdefault\u00a0\u00bb scene_position=\u00a0\u00bbcenter\u00a0\u00bb top_padding=\u00a0\u00bb2%\u00a0\u00bb text_color=\u00a0\u00bbdark\u00a0\u00bb text_align=\u00a0\u00bbleft\u00a0\u00bb row_border_radius=\u00a0\u00bbnone\u00a0\u00bb row_border_radius_applies=\u00a0\u00bbbg\u00a0\u00bb overflow=\u00a0\u00bbvisible\u00a0\u00bb overlay_strength=\u00a0\u00bb0.3&Prime; gradient_direction=\u00a0\u00bbleft_to_right\u00a0\u00bb shape_divider_position=\u00a0\u00bbbottom\u00a0\u00bb bg_image_animation=\u00a0\u00bbnone\u00a0\u00bb shape_type=\u00a0\u00bb\u00a0\u00bb][vc_column column_padding=\u00a0\u00bbno-extra-padding\u00a0\u00bb column_padding_tablet=\u00a0\u00bbinherit\u00a0\u00bb column_padding_phone=\u00a0\u00bbinherit\u00a0\u00bb column_padding_position=\u00a0\u00bball\u00a0\u00bb column_element_direction_desktop=\u00a0\u00bbdefault\u00a0\u00bb column_element_spacing=\u00a0\u00bbdefault\u00a0\u00bb desktop_text_alignment=\u00a0\u00bbdefault\u00a0\u00bb tablet_text_alignment=\u00a0\u00bbdefault\u00a0\u00bb phone_text_alignment=\u00a0\u00bbdefault\u00a0\u00bb background_color_opacity=\u00a0\u00bb1&Prime; background_hover_color_opacity=\u00a0\u00bb1&Prime; column_backdrop_filter=\u00a0\u00bbnone\u00a0\u00bb column_shadow=\u00a0\u00bbnone\u00a0\u00bb column_border_radius=\u00a0\u00bbnone\u00a0\u00bb column_link_target=\u00a0\u00bb_self\u00a0\u00bb column_position=\u00a0\u00bbdefault\u00a0\u00bb gradient_direction=\u00a0\u00bbleft_to_right\u00a0\u00bb overlay_strength=\u00a0\u00bb0.3&Prime; width=\u00a0\u00bb1\/1&Prime; tablet_width_inherit=\u00a0\u00bbdefault\u00a0\u00bb animation_type=\u00a0\u00bbdefault\u00a0\u00bb bg_image_animation=\u00a0\u00bbnone\u00a0\u00bb border_type=\u00a0\u00bbsimple\u00a0\u00bb column_border_width=\u00a0\u00bbnone\u00a0\u00bb column_border_style=\u00a0\u00bbsolid\u00a0\u00bb][nectar_btn size=\u00a0\u00bbsmall\u00a0\u00bb button_style=\u00a0\u00bbregular\u00a0\u00bb button_color_2=\u00a0\u00bbAccent-Color\u00a0\u00bb icon_family=\u00a0\u00bbnone\u00a0\u00bb text=\u00a0\u00bbAccueil\u00a0\u00bb url=\u00a0\u00bb\/fr\u00a0\u00bb][divider line_type=\u00a0\u00bbNo Line\u00a0\u00bb custom_height=\u00a0\u00bb50&Prime;][\/vc_column][\/vc_row][vc_row type=\u00a0\u00bbin_container\u00a0\u00bb full_screen_row_position=\u00a0\u00bbmiddle\u00a0\u00bb column_margin=\u00a0\u00bbdefault\u00a0\u00bb column_direction=\u00a0\u00bbdefault\u00a0\u00bb column_direction_tablet=\u00a0\u00bbdefault\u00a0\u00bb column_direction_phone=\u00a0\u00bbdefault\u00a0\u00bb scene_position=\u00a0\u00bbcenter\u00a0\u00bb text_color=\u00a0\u00bbdark\u00a0\u00bb text_align=\u00a0\u00bbleft\u00a0\u00bb row_border_radius=\u00a0\u00bbnone\u00a0\u00bb row_border_radius_applies=\u00a0\u00bbbg\u00a0\u00bb overflow=\u00a0\u00bbvisible\u00a0\u00bb overlay_strength=\u00a0\u00bb0.3&Prime; gradient_direction=\u00a0\u00bbleft_to_right\u00a0\u00bb shape_divider_position=\u00a0\u00bbbottom\u00a0\u00bb bg_image_animation=\u00a0\u00bbnone\u00a0\u00bb][vc_column column_padding=\u00a0\u00bbno-extra-padding\u00a0\u00bb column_padding_tablet=\u00a0\u00bbinherit\u00a0\u00bb column_padding_phone=\u00a0\u00bbinherit\u00a0\u00bb column_padding_position=\u00a0\u00bball\u00a0\u00bb column_element_direction_desktop=\u00a0\u00bbdefault\u00a0\u00bb column_element_spacing=\u00a0\u00bbdefault\u00a0\u00bb desktop_text_alignment=\u00a0\u00bbdefault\u00a0\u00bb tablet_text_alignment=\u00a0\u00bbdefault\u00a0\u00bb phone_text_alignment=\u00a0\u00bbdefault\u00a0\u00bb background_color_opacity=\u00a0\u00bb1&Prime; background_hover_color_opacity=\u00a0\u00bb1&Prime; column_backdrop_filter=\u00a0\u00bbnone\u00a0\u00bb column_shadow=\u00a0\u00bbnone\u00a0\u00bb column_border_radius=\u00a0\u00bbnone\u00a0\u00bb column_link_target=\u00a0\u00bb_self\u00a0\u00bb column_position=\u00a0\u00bbdefault\u00a0\u00bb gradient_direction=\u00a0\u00bbleft_to_right\u00a0\u00bb overlay_strength=\u00a0\u00bb0.3&Prime; width=\u00a0\u00bb1\/1&Prime; tablet_width_inherit=\u00a0\u00bbdefault\u00a0\u00bb animation_type=\u00a0\u00bbdefault\u00a0\u00bb bg_image_animation=\u00a0\u00bbnone\u00a0\u00bb border_type=\u00a0\u00bbsimple\u00a0\u00bb column_border_width=\u00a0\u00bbnone\u00a0\u00bb column_border_style=\u00a0\u00bbsolid\u00a0\u00bb][vc_column_text css=\u00a0\u00bb\u00a0\u00bb text_direction=\u00a0\u00bbdefault\u00a0\u00bb]\n<h2 class=\"p1\"><span class=\"s1\">POLITIQUE DE PROTECTION DES DONN\u00c9ES \u00c0 CARACT\u00c8RE PERSONNEL<\/span><\/h2>\n<p class=\"p1\">Jugendhaiser JUKI ASBL traite des donn\u00e9es personnelles de personnes physiques dans le cadre de l&rsquo;application CLOSER.<\/p>\n<p class=\"p3\">JUKI prend tr\u00e8s au s\u00e9rieux la protection des donn\u00e9es personnelles et s&rsquo;engage, en sa qualit\u00e9 de responsable du traitement des donn\u00e9es (au sens de la directive (UE) 2016\/678 du Parlement europ\u00e9en et du Conseil du 27 avril 2016 relative \u00e0 la protection des personnes physiques \u00e0 l&rsquo;\u00e9gard du traitement des donn\u00e9es \u00e0 caract\u00e8re personnel et \u00e0 la libre circulation de ces donn\u00e9es), \u00e0 respecter les dispositions relatives \u00e0 la protection des donn\u00e9es personnelles.<\/p>\n<p class=\"p3\">Les donn\u00e9es personnelles des utilisateurs ne sont utilis\u00e9es qu&rsquo;aux fins mentionn\u00e9es dans la pr\u00e9sente politique et JUKI ne communique les donn\u00e9es personnelles des utilisateurs \u00e0 aucune autre personne, sous r\u00e9serve des tiers mentionn\u00e9s dans la pr\u00e9sente politique.<\/p>\n<p class=\"p3\"><span class=\"s1\"><b>Responsable <\/b><\/span>et toujours disponible pour des commentaires sur la protection des donn\u00e9es et l&rsquo;application des droits de l&rsquo;utilisateur :<\/p>\n<p class=\"p3\">Jugendhaiser JUKI asbl<\/p>\n<p class=\"p3\">15, rue de Mamer<\/p>\n<p class=\"p3\">L-8280 Kehlen<\/p>\n<p class=\"p3\">Num\u00e9ro de t\u00e9l\u00e9phone : +352 621 247 424<\/p>\n<p class=\"p3\">Courrier \u00e9lectronique : &#x69;&#110;&#x66;&#x6f;&#64;&#x6a;&#x75;&#107;&#x69;&#x2e;&#108;&#x75;<\/p>\n<p class=\"p3\"><span class=\"s1\"><b>ARTICLE 1 &#8211; D\u00c9FINITIONS<\/b><\/span><\/p>\n<p class=\"p3\">Les termes ci-dessous, qu&rsquo;ils soient utilis\u00e9s au singulier ou au pluriel, ont la signification suivante dans la pr\u00e9sente politique de protection des donn\u00e9es \u00e0 caract\u00e8re personnel :<\/p>\n<p class=\"p3\"><b>App <\/b>d\u00e9signe l&rsquo;application mobile CLOSER.<\/p>\n<p class=\"p3\"><b>Sous-traitant <\/b>d\u00e9signe une personne physique ou morale, une autorit\u00e9 publique, un organisme ou un autre service qui traite des donn\u00e9es \u00e0 caract\u00e8re personnel pour le compte du responsable du traitement.<\/p>\n<p class=\"p3\"><b>Utilisateur <\/b>d\u00e9signe une personne physique qui a t\u00e9l\u00e9charg\u00e9 l&rsquo;application pour son propre besoin et son usage personnel et qui utilise les fonctions offertes par CLOSER.<\/p>\n<p class=\"p3\"><b>CLOSER <\/b>d\u00e9signe l&rsquo;application mobile \u00e9dit\u00e9e et mise \u00e0 disposition par Jugendhaiser JUKI asbl, disponible gratuitement sur l&rsquo;App Store (iOS) d&rsquo;Apple, le Google Play Store et le site Android, pour \u00eatre t\u00e9l\u00e9charg\u00e9e par l&rsquo;utilisateur sur son appareil Apple iOS et Android.<\/p>\n<p class=\"p3\"><b>Les cookies <\/b>d\u00e9signent de petits paquets de texte contenant diff\u00e9rentes informations, qui sont enregistr\u00e9s sur l&rsquo;appareil de l&rsquo;utilisateur.<\/p>\n<p class=\"p3\"><b>Tiers <\/b>d\u00e9signe une personne physique ou morale, une autorit\u00e9 publique, un service ou un autre organisme autre que la personne concern\u00e9e, le responsable du traitement, le sous-traitant et les personnes qui, plac\u00e9es sous l&rsquo;autorit\u00e9 directe du responsable du traitement ou du sous-traitant, sont habilit\u00e9es \u00e0 traiter les donn\u00e9es \u00e0 caract\u00e8re personnel.<\/p>\n<p class=\"p3\"><b>RGPD <\/b>d\u00e9signe la directive (UE) 2016\/679 du Parlement europ\u00e9en et du Conseil du 27 avril 2016 relative \u00e0 la protection des personnes physiques \u00e0 l&rsquo;\u00e9gard du traitement des donn\u00e9es \u00e0 caract\u00e8re personnel et \u00e0 la libre circulation de ces donn\u00e9es.<\/p>\n<p class=\"p3\">Le <b>consentement <\/b>d\u00e9signe toute manifestation de volont\u00e9 de la personne concern\u00e9e, exprim\u00e9e librement, pour un cas sp\u00e9cifique, en connaissance de cause et sans \u00e9quivoque, sous la forme d&rsquo;une d\u00e9claration ou de tout autre acte positif clair par lequel la personne concern\u00e9e indique qu&rsquo;elle accepte le traitement de donn\u00e9es \u00e0 caract\u00e8re personnel la concernant.<\/p>\n<p class=\"p3\"><b>Le destinataire <\/b>d\u00e9signe une personne physique ou morale, une autorit\u00e9 publique, un service ou un autre organisme auquel des donn\u00e9es \u00e0 caract\u00e8re personnel sont divulgu\u00e9es, qu&rsquo;il s&rsquo;agisse ou non d&rsquo;un tiers. Toutefois, les autorit\u00e9s qui peuvent recevoir des donn\u00e9es \u00e0 caract\u00e8re personnel dans le cadre d&rsquo;une mission d&rsquo;enqu\u00eate sp\u00e9cifique en vertu du droit de l&rsquo;Union ou du droit national ne sont pas consid\u00e9r\u00e9es comme des destinataires.<\/p>\n<p class=\"p3\"><b>JUKI <\/b>d\u00e9signe Jugendhaiser JUKI asbl &#8211; l&rsquo;\u00e9diteur de CLOSER et le responsable de la protection des donn\u00e9es personnelles des utilisateurs de l&rsquo;application.<\/p>\n<p class=\"p3\"><b>Les donn\u00e9es \u00e0 caract\u00e8re personnel <\/b>d\u00e9signent toutes les informations qui se rapportent \u00e0 une personne physique identifi\u00e9e ou identifiable. Est consid\u00e9r\u00e9e comme identifiable une personne physique qui peut \u00eatre identifi\u00e9e, directement ou indirectement, notamment par r\u00e9f\u00e9rence \u00e0 un identifiant tel qu&rsquo;un nom, \u00e0 un num\u00e9ro d&rsquo;identification, \u00e0 des donn\u00e9es de localisation, \u00e0 un identifiant en ligne (par exemple, une adresse IP ou des cookies) ou \u00e0 une ou plusieurs caract\u00e9ristiques particuli\u00e8res qui sont l&rsquo;expression de l&rsquo;identit\u00e9 physique, physiologique, g\u00e9n\u00e9tique, psychique, \u00e9conomique, culturelle ou sociale de cette personne physique.<\/p>\n<p class=\"p3\"><b>PSPD <\/b>d\u00e9signe la politique de protection des donn\u00e9es \u00e0 caract\u00e8re personnel de CLOSER.<\/p>\n<p class=\"p3\"><b>Le responsable <\/b>d\u00e9signe la personne physique ou morale, l&rsquo;autorit\u00e9 publique, le service ou tout autre organisme qui, seul ou conjointement avec d&rsquo;autres, d\u00e9termine les finalit\u00e9s et les moyens du traitement de donn\u00e9es \u00e0 caract\u00e8re personnel. Dans le cadre de la pr\u00e9sente politique de protection des donn\u00e9es \u00e0 caract\u00e8re personnel, le responsable est Jugendhaiser JUKI asbl.<\/p>\n<p class=\"p3\"><b>Le traitement <\/b>d\u00e9signe toute op\u00e9ration ou tout ensemble d&rsquo;op\u00e9rations effectu\u00e9es \u00e0 l&rsquo;aide de proc\u00e9d\u00e9s automatis\u00e9s ou non automatis\u00e9s et appliqu\u00e9s \u00e0 des donn\u00e9es \u00e0 caract\u00e8re personnel ou \u00e0 un ensemble de donn\u00e9es \u00e0 caract\u00e8re personnel.<\/p>\n<p class=\"p3\">Exemples : la collecte, l&rsquo;enregistrement, l&rsquo;organisation, la structuration, la conservation, l&rsquo;adaptation ou la modification, l&rsquo;extraction, la consultation, l&rsquo;utilisation, la transmission, la distribution ou toute autre forme de mise \u00e0 disposition, le rapprochement ou l&rsquo;interconnexion, la limitation, l&rsquo;effacement ou la destruction.<\/p>\n<p class=\"p3\"><span class=\"s1\"><b>ARTICLE 2 &#8211; \u00c9TENDUE DU TRAITEMENT DES DONN\u00c9ES \u00c0 CARACT\u00c8RE PERSONNEL<\/b><\/span><\/p>\n<p class=\"p3\">Les donn\u00e9es personnelles des utilisateurs ne sont en principe trait\u00e9es que dans la mesure o\u00f9 cela est n\u00e9cessaire \u00e0 la mise \u00e0 disposition des contenus et des fonctions de CLOSER. La collecte et l&rsquo;utilisation de donn\u00e9es \u00e0 caract\u00e8re personnel n&rsquo;ont lieu qu&rsquo;avec le consentement de l&rsquo;utilisateur ou lorsque le traitement des donn\u00e9es est autoris\u00e9 par des dispositions l\u00e9gales.<\/p>\n<p class=\"p3\">Les donn\u00e9es personnelles qui sont transmises \u00e0 JUKI et qui sont enregistr\u00e9es ressortent du masque de saisie respectif et des informations mises \u00e0 disposition lors de l&rsquo;enregistrement. Les donn\u00e9es saisies dans le cadre de l&rsquo;enregistrement sont utilis\u00e9es aux fins de l&rsquo;utilisation de CLOSER.<\/p>\n<p class=\"p3\">Les personnes de moins de 16 ans ne sont pas autoris\u00e9es \u00e0 transmettre des donn\u00e9es personnelles \u00e0 JUKI sans l&rsquo;accord de leurs parents ou de leur tuteur.<\/p>\n<p class=\"p3\">Les donn\u00e9es \u00e0 caract\u00e8re personnel comprennent (liste non exhaustive) :<\/p>\n<p class=\"p3\">-adresse IP ;<\/p>\n<p class=\"p3\">-date et heure de la connexion ;<\/p>\n<p class=\"p3\">-Nom, pr\u00e9nom, sexe, date de naissance et adresse de r\u00e9sidence ;<\/p>\n<p class=\"p3\">-num\u00e9ro de t\u00e9l\u00e9phone ;<\/p>\n<p class=\"p3\">-donn\u00e9es de localisation ;<\/p>\n<p class=\"p3\">-les donn\u00e9es de profil fournies volontairement par l&rsquo;utilisateur sur son\/ses compte(s).<\/p>\n<p class=\"p3\">Les donn\u00e9es de localisation comprennent le lieu de r\u00e9sidence choisi par l&rsquo;utilisateur, le lieu \u00e0 partir duquel l&rsquo;utilisateur se connecte actuellement et\/ou la position GPS du terminal utilis\u00e9 pour utiliser CLOSER.<\/p>\n<p class=\"p3\">Les adresses IP et le moment de chaque action de l&rsquo;utilisateur se font sur la base des int\u00e9r\u00eats l\u00e9gitimes de JUKI et servent \u00e0 la protection contre les abus et autres utilisations non autoris\u00e9es. Ces donn\u00e9es ne sont en principe pas transmises \u00e0 des tiers, sauf si elles sont n\u00e9cessaires \u00e0 la poursuite des droits l\u00e9gaux de JUKI ou s&rsquo;il existe une obligation l\u00e9gale.<\/p>\n<p class=\"p3\"><span class=\"s1\"><b>ARTICLE 3 &#8211; TRANSMISSION DE DONN\u00c9ES \u00c0 CARACT\u00c8RE PERSONNEL \u00c0 DES PRESTATAIRES DE SERVICES<\/b><\/span><\/p>\n<p class=\"p3\">Les donn\u00e9es personnelles de l&rsquo;utilisateur ne sont pas commercialis\u00e9es et ne sont en principe transmises \u00e0 des tiers, m\u00eame \u00e0 d&rsquo;autres fins, qu&rsquo;avec l&rsquo;accord explicite de l&rsquo;utilisateur.<\/p>\n<p class=\"p3\">L&rsquo;utilisateur accepte toutefois que JUKI puisse acc\u00e9der aux donn\u00e9es personnelles, les enregistrer et les transmettre dans les cas suivants :<\/p>\n<ul class=\"ul1\">\n<li class=\"li6\">pour se conformer \u00e0 la l\u00e9gislation en vigueur,<\/li>\n<li class=\"li6\">lorsqu&rsquo;une autorit\u00e9 de poursuite p\u00e9nale le demande<\/li>\n<li class=\"li6\">pour faire respecter les conditions g\u00e9n\u00e9rales d&rsquo;utilisation de CLOSER et la pr\u00e9sente politique de protection des donn\u00e9es \u00e0 caract\u00e8re personnel,<\/li>\n<li class=\"li6\">pour enqu\u00eater sur des activit\u00e9s ill\u00e9gales pr\u00e9sum\u00e9es ou r\u00e9elles,<\/li>\n<li class=\"li6\">pour prot\u00e9ger la s\u00e9curit\u00e9 ou les droits d&rsquo;autres utilisateurs et de JUKI.<\/li>\n<\/ul>\n<p class=\"p3\">JUKI travaille en partie avec des prestataires de services externes pour le traitement des donn\u00e9es et la mise \u00e0 disposition de CLOSER. Tous les prestataires de services s\u00e9lectionn\u00e9s par JUKI offrent des garanties suffisantes que des mesures techniques et organisationnelles appropri\u00e9es sont mises en \u0153uvre de mani\u00e8re \u00e0 ce que le traitement des donn\u00e9es \u00e0 caract\u00e8re personnel soit conforme aux exigences du RGPD.<\/p>\n<p class=\"p3\">Le JUKI collabore avec :<\/p>\n<p class=\"p3\"><span class=\"s1\">Custom Coding<\/span>, \u00e9tablie \u00e0 3, Um Groestaen, L-6850 Manternach, Luxembourg ;<\/p>\n<p class=\"p3\"><span class=\"s1\">Google Maps <\/span>&#8211; Google Ireland Limited, dont le si\u00e8ge social est situ\u00e9 \u00e0 Gordon House, Barrow Street, Dublin 4, Irlande ;<\/p>\n<p class=\"p3\"><span class=\"s1\">Google Firebase <\/span>(Cloud Messaging\/Push Service) &#8211; Google Inc. dont le si\u00e8ge est situ\u00e9 au 1600 Amphitheatre Parkway, Mountain View, CA 94043, \u00c9tats-Unis ;<\/p>\n<p class=\"p3\"><span class=\"s1\">Spryng B.V.<\/span>, dont le si\u00e8ge social est situ\u00e9 \u00e0 Bakkersstraat 23, 1017 CW Amsterdam, Pays-Bas ;<\/p>\n<p class=\"p3\"><span class=\"s1\">Servers.com <\/span>(3, op der Poukewiss, L-7795 Roost) dont le si\u00e8ge officiel est 22 Keienbergweg, 1101GB Amsterdam, Pays-Bas. E-mail : &#97;&#98;&#x75;s&#101;&#x40;&#x73;e&#114;&#x76;&#x65;r&#115;&#x2e;c&#111;&#x6d; ;<\/p>\n<p class=\"p3\"><span class=\"s1\">Gcore.com<\/span>, dont le si\u00e8ge social est situ\u00e9 2-4 rue Edmond Reuter, L-5326 Contern, Luxembourg.<\/p>\n<p class=\"p3\"><span class=\"s1\"><b>ARTICLE 4 &#8211; DONN\u00c9ES \u00c0 CARACT\u00c8RE PERSONNEL VISIBLES PAR LES AUTRES UTILISATEURS<\/b><\/span><\/p>\n<p class=\"p3\">Les donn\u00e9es personnelles visibles par tous les utilisateurs de CLOSER comprennent, \u00e0 moins qu&rsquo;une ou plusieurs personnes n&rsquo;aient \u00e9t\u00e9 bloqu\u00e9es par un utilisateur :<span class=\"Apple-converted-space\">\u00a0 <\/span>Nom, pr\u00e9nom, sexe, \u00e2ge et photo de profil de chaque utilisateur.<\/p>\n<p class=\"p3\">L&rsquo;adresse du domicile de personnes sp\u00e9cifiques n&rsquo;est visible pour un utilisateur que si ce dernier a d\u00e9lib\u00e9r\u00e9ment autoris\u00e9 la publication de sa propre adresse de domicile pour ces m\u00eames personnes.<\/p>\n<p class=\"p3\"><span class=\"s1\"><b>ARTICLE 5 &#8211; POLITIQUE EN MATI\u00c8RE DE COOKIES<\/b><\/span><\/p>\n<p class=\"p3\"><span class=\"s1\"><b>5.1. UTILISATION DE COOKIES<\/b><\/span><\/p>\n<p class=\"p3\">Lors de l&rsquo;utilisation de CLOSER, des cookies sont enregistr\u00e9s sur le terminal de l&rsquo;utilisateur. Il s&rsquo;agit de petits paquets de texte dans lesquels sont enregistr\u00e9es diff\u00e9rentes informations qui peuvent \u00eatre lues par le service qui place le cookie. Le terminal de l&rsquo;utilisateur contient en r\u00e8gle g\u00e9n\u00e9rale une cha\u00eene de caract\u00e8res caract\u00e9ristique (ID) qui permet une identification univoque lors d&rsquo;un nouvel appel de l&rsquo;application.<\/p>\n<p class=\"p3\">Les cookies qui sont enregistr\u00e9s lorsque l&rsquo;utilisateur visite l&rsquo;application ne reconnaissent pas l&rsquo;utilisateur personnellement en tant qu&rsquo;individu, mais reconnaissent uniquement l&rsquo;appareil que l&rsquo;utilisateur est en train d&rsquo;utiliser. Les cookies ne stockent pas de donn\u00e9es personnelles sensibles, mais fournissent uniquement des informations sur la navigation de l&rsquo;utilisateur, de sorte que son appareil puisse \u00eatre reconnu ult\u00e9rieurement.<\/p>\n<p class=\"p3\">L&rsquo;objectif des cookies enregistr\u00e9s par CLOSER est exclusivement l&rsquo;\u00e9tablissement et l&rsquo;\u00e9valuation de statistiques n\u00e9cessaires \u00e0 l&rsquo;optimisation de l&rsquo;application. Les statistiques servent \u00e0 suivre l&rsquo;utilisation de CLOSER et \u00e0 l&rsquo;am\u00e9liorer sur la base des informations collect\u00e9es. Les informations obtenues par l&rsquo;installation de cookies ne sont pas vendues et\/ou transmises \u00e0 des tiers, que ce soit \u00e0 des fins commerciales ou autres.<\/p>\n<p class=\"p3\">Les cookies enregistr\u00e9s permettent de faciliter la navigation sur l&rsquo;application et d&rsquo;am\u00e9liorer les services de CLOSER :<\/p>\n<p class=\"p3\">-en adaptant la pr\u00e9sentation de l&rsquo;application aux pr\u00e9f\u00e9rences d&rsquo;affichage du terminal de l&rsquo;utilisateur (r\u00e9solution d&rsquo;affichage, syst\u00e8me d&rsquo;exploitation utilis\u00e9,&#8230;) ;<\/p>\n<p class=\"p3\">-en permettant \u00e0 l&rsquo;utilisateur d&rsquo;acc\u00e9der \u00e0 des zones r\u00e9serv\u00e9es et personnelles de l&rsquo;application \u00e0 l&rsquo;aide d&rsquo;identifiants ou de donn\u00e9es qui lui ont \u00e9t\u00e9 pr\u00e9alablement confi\u00e9s ;<\/p>\n<p class=\"p3\">-en mettant en \u0153uvre des mesures de s\u00e9curit\u00e9 ;<\/p>\n<p class=\"p3\">-en permettant d&rsquo;\u00e9tablir des statistiques et des volumes sur la fr\u00e9quentation et l&rsquo;utilisation des diff\u00e9rents \u00e9l\u00e9ments qui composent l&rsquo;application.<\/p>\n<p class=\"p3\"><span class=\"s1\"><b>5.2. LE CONSENTEMENT AUX COOKIES<\/b><\/span><\/p>\n<p class=\"p3\">L&rsquo;enregistrement de cookies dans un terminal est subordonn\u00e9 \u00e0 la volont\u00e9 de l&rsquo;utilisateur du terminal, que l&rsquo;utilisateur peut exprimer et modifier \u00e0 tout moment et gratuitement par les moyens offerts par l&rsquo;application L&rsquo;utilisateur d\u00e9cide s&rsquo;il souhaite ou non que des cookies soient enregistr\u00e9s dans le terminal.<\/p>\n<p class=\"p3\"><span class=\"s1\"><b>5.3. LE REFUS DES COOKIES ET LES CONS\u00c9QUENCES<\/b><\/span><\/p>\n<p class=\"p3\">Si l&rsquo;utilisateur refuse l&rsquo;enregistrement de cookies sur son terminal, il\/elle ne pourra plus utiliser un certain nombre de fonctionnalit\u00e9s de l&rsquo;application qui sont n\u00e9cessaires pour acc\u00e9der \u00e0 certaines parties de l&rsquo;application.<\/p>\n<p class=\"p3\">Le cas \u00e9ch\u00e9ant, JUKI d\u00e9cline toute responsabilit\u00e9 pour les cons\u00e9quences li\u00e9es au fonctionnement d\u00e9grad\u00e9 de l&rsquo;Application r\u00e9sultant de l&rsquo;impossibilit\u00e9 d&rsquo;enregistrer ou de consulter les cookies n\u00e9cessaires au bon fonctionnement de l&rsquo;Application et que l&rsquo;Utilisateur aurait refus\u00e9s.<\/p>\n<p class=\"p3\"><span class=\"s1\"><b>ARTICLE 6 &#8211; EFFACEMENT DES DONN\u00c9ES ET DUR\u00c9E DE CONSERVATION<\/b><\/span><\/p>\n<p class=\"p3\">Les donn\u00e9es personnelles des utilisateurs sont conserv\u00e9es conform\u00e9ment aux obligations l\u00e9gales ou pour la dur\u00e9e n\u00e9cessaire \u00e0 l&rsquo;utilisation de CLOSER. Par cons\u00e9quent, les donn\u00e9es \u00e0 caract\u00e8re personnel sont supprim\u00e9es d\u00e8s qu&rsquo;un compte d&rsquo;utilisateur a \u00e9t\u00e9 supprim\u00e9 et que la finalit\u00e9 de leur conservation n&rsquo;est donc plus d&rsquo;actualit\u00e9. En outre, une conservation peut toutefois avoir lieu si le l\u00e9gislateur europ\u00e9en ou national l&rsquo;a pr\u00e9vu dans des r\u00e8glements de l&rsquo;UE, des lois ou d&rsquo;autres dispositions auxquelles JUKI est soumis, ou si la suppression des donn\u00e9es serait pr\u00e9judiciable et\/ou interdite pour des raisons de preuve.<\/p>\n<p class=\"p3\">Si l&rsquo;utilisateur d\u00e9cide de supprimer son compte d&rsquo;utilisateur, les donn\u00e9es personnelles qui y sont associ\u00e9es seront supprim\u00e9es avec effet imm\u00e9diat.<\/p>\n<p class=\"p3\"><span class=\"s1\"><b>ARTICLE 7 &#8211; DROITS DE L&rsquo;UTILISATEUR DANS LE CADRE DE LA PROTECTION DES DONN\u00c9ES \u00c0 CARACT\u00c8RE PERSONNEL<\/b><\/span><\/p>\n<p class=\"p3\"><span class=\"s1\"><b>7.1 DROIT DE R\u00c9VOCATION D&rsquo;UNE D\u00c9CLARATION DE CONSENTEMENT EN MATI\u00c8RE DE PROTECTION DES DONN\u00c9ES<\/b><\/span><\/p>\n<p class=\"p3\">Si le traitement des donn\u00e9es \u00e0 caract\u00e8re personnel repose sur un consentement donn\u00e9, l&rsquo;utilisateur a le droit de r\u00e9voquer ce consentement \u00e0 tout moment. La r\u00e9vocation du consentement n&rsquo;affecte pas la l\u00e9galit\u00e9 du traitement effectu\u00e9 sur la base du consentement jusqu&rsquo;\u00e0 la r\u00e9vocation.<\/p>\n<p class=\"p3\"><span class=\"s1\"><b>7.2 DROIT \u00c0 L&rsquo;INFORMATION<\/b><\/span><\/p>\n<p class=\"p3\">L&rsquo;utilisateur a le droit d&rsquo;obtenir du responsable du traitement la confirmation que des donn\u00e9es \u00e0 caract\u00e8re personnel le concernant sont ou ne sont pas trait\u00e9es. Si tel est le cas, l&rsquo;utilisateur a le droit d&rsquo;acc\u00e9der \u00e0 ces donn\u00e9es \u00e0 caract\u00e8re personnel et aux informations suivantes :<\/p>\n<p class=\"p3\">-les finalit\u00e9s du traitement ;<\/p>\n<p class=\"p3\">-les cat\u00e9gories de donn\u00e9es \u00e0 caract\u00e8re personnel trait\u00e9es ;<\/p>\n<p class=\"p3\">-les destinataires ou les cat\u00e9gories de destinataires \u00e0 l&rsquo;\u00e9gard desquels les donn\u00e9es \u00e0 caract\u00e8re personnel sont conserv\u00e9es ou, si cela n&rsquo;est pas possible, les crit\u00e8res de d\u00e9termination de cette dur\u00e9e ;<\/p>\n<p class=\"p3\">-l&rsquo;existence d&rsquo;un droit de rectification ou d&rsquo;effacement des donn\u00e9es \u00e0 caract\u00e8re personnel concern\u00e9es ou d&rsquo;un droit de limitation du traitement par le responsable du traitement, ou d&rsquo;un droit d&rsquo;opposition \u00e0 ce traitement ;<\/p>\n<p class=\"p3\">-l&rsquo;existence d&rsquo;un droit de recours aupr\u00e8s d&rsquo;une autorit\u00e9 de surveillance ;<\/p>\n<p class=\"p3\">-si les donn\u00e9es \u00e0 caract\u00e8re personnel ne sont pas collect\u00e9es aupr\u00e8s de la personne concern\u00e9e, toutes les informations disponibles sur l&rsquo;origine des donn\u00e9es ;<\/p>\n<p class=\"p3\">-l&rsquo;existence \u00e9ventuelle d&rsquo;une prise de d\u00e9cision automatis\u00e9e, y compris le profilage, conform\u00e9ment \u00e0 l&rsquo;article 22, paragraphes 1 et 4, du RGPD et, au moins dans ces cas, des informations pertinentes sur la logique impliqu\u00e9e ainsi que sur la port\u00e9e et les effets escompt\u00e9s d&rsquo;un tel traitement pour la personne concern\u00e9e.<\/p>\n<p class=\"p3\">Apr\u00e8s r\u00e9ception d&rsquo;une demande d&rsquo;information, JUKI fournit dans un d\u00e9lai de 4 semaines une copie des donn\u00e9es \u00e0 caract\u00e8re personnel faisant l&rsquo;objet du traitement. Pour toutes les copies suppl\u00e9mentaires demand\u00e9es par l&rsquo;utilisateur, JUKI peut exiger une r\u00e9mun\u00e9ration raisonnable sur la base des frais administratifs. Si l&rsquo;utilisateur introduit sa demande par voie \u00e9lectronique, JUKI met les informations \u00e0 disposition dans un format \u00e9lectronique courant, sauf indication contraire de sa part.<\/p>\n<p class=\"p3\"><span class=\"s1\"><b>7.3 DROIT DE RECTIFICATION<\/b><\/span><\/p>\n<p class=\"p3\">L&rsquo;utilisateur a le droit d&rsquo;exiger de JUKI, sans d\u00e9lai, la rectification des donn\u00e9es \u00e0 caract\u00e8re personnel inexactes le\/la concernant. Compte tenu des finalit\u00e9s du traitement, l&rsquo;utilisateur a le droit de demander que les donn\u00e9es \u00e0 caract\u00e8re personnel incompl\u00e8tes soient compl\u00e9t\u00e9es, y compris au moyen d&rsquo;une d\u00e9claration compl\u00e9mentaire.<\/p>\n<p class=\"p3\"><span class=\"s1\"><b>7.4 DROIT \u00c0 L&rsquo;OUBLI \/ \u00c0 L&rsquo;EFFACEMENT<\/b><\/span><\/p>\n<p class=\"p3\">L&rsquo;utilisateur a le droit d&rsquo;exiger de JUKI que les donn\u00e9es personnelles le\/la concernant soient imm\u00e9diatement effac\u00e9es, et JUKI est tenu d&rsquo;effacer imm\u00e9diatement les donn\u00e9es personnelles si l&rsquo;une des raisons suivantes s&rsquo;applique :<\/p>\n<p class=\"p3\">-les donn\u00e9es \u00e0 caract\u00e8re personnel ne sont plus n\u00e9cessaires au regard des finalit\u00e9s pour lesquelles elles ont \u00e9t\u00e9 collect\u00e9es ou trait\u00e9es d&rsquo;une autre mani\u00e8re ;<\/p>\n<p class=\"p3\">-l&rsquo;utilisateur retire le consentement sur lequel se fonde le traitement et il n&rsquo;existe pas d&rsquo;autre base juridique pour le traitement ;<\/p>\n<p class=\"p3\">-l&rsquo;utilisateur s&rsquo;oppose au traitement et il n&rsquo;existe pas de motifs l\u00e9gitimes pr\u00e9pond\u00e9rants pour le traitement ;<\/p>\n<p class=\"p3\">-les donn\u00e9es \u00e0 caract\u00e8re personnel ont \u00e9t\u00e9 trait\u00e9es ill\u00e9galement ;<\/p>\n<p class=\"p3\">-l&rsquo;effacement des donn\u00e9es \u00e0 caract\u00e8re personnel est n\u00e9cessaire au respect d&rsquo;une obligation l\u00e9gale ;<\/p>\n<p class=\"p3\">-Les donn\u00e9es \u00e0 caract\u00e8re personnel ont \u00e9t\u00e9 collect\u00e9es en relation avec des services de la soci\u00e9t\u00e9 de l&rsquo;information propos\u00e9s conform\u00e9ment \u00e0 l&rsquo;article 8, paragraphe 1, du RGPD.<\/p>\n<p class=\"p3\">Si JUKI a rendu publiques les donn\u00e9es \u00e0 caract\u00e8re personnel et est tenu de les effacer, JUKI prend, compte tenu des technologies disponibles et des co\u00fbts de mise en \u0153uvre, des mesures appropri\u00e9es, y compris des mesures techniques, pour informer les responsables du traitement des donn\u00e9es qui traitent les donn\u00e9es \u00e0 caract\u00e8re personnel qu&rsquo;une personne concern\u00e9e a demand\u00e9 l&rsquo;effacement de tous les liens vers les donn\u00e9es \u00e0 caract\u00e8re personnel ou vers des copies ou des r\u00e9plications de ces donn\u00e9es.<\/p>\n<p class=\"p3\">Le droit \u00e0 l&rsquo;effacement n&rsquo;existe pas dans la mesure o\u00f9 le traitement est n\u00e9cessaire :<\/p>\n<p class=\"p3\">-pour l&rsquo;exercice du droit \u00e0 la libert\u00e9 d&rsquo;expression et d&rsquo;information ;<\/p>\n<p class=\"p3\">-pour le respect d&rsquo;une obligation l\u00e9gale qui exige le traitement conform\u00e9ment au droit applicable ou pour l&rsquo;ex\u00e9cution d&rsquo;une t\u00e2che d&rsquo;int\u00e9r\u00eat public ou relevant de l&rsquo;exercice de l&rsquo;autorit\u00e9 publique dont est investi JUKI ;<\/p>\n<p class=\"p3\">-pour des raisons d&rsquo;int\u00e9r\u00eat public dans le domaine de la sant\u00e9 publique, conform\u00e9ment \u00e0 l&rsquo;article 9, paragraphe 2, points h) et i), et \u00e0 l&rsquo;article 9, paragraphe 3, du RGPD ;<\/p>\n<p class=\"p3\">-\u00e0 des fins archivistiques ou de recherche scientifique ou historique, ou \u00e0 des fins statistiques conform\u00e9ment \u00e0 l&rsquo;article 89, paragraphe 1, dans la mesure o\u00f9 le droit vis\u00e9 au paragraphe 1 est susceptible de rendre impossible ou de compromettre gravement la r\u00e9alisation des objectifs du pr\u00e9sent traitement, ou<\/p>\n<p class=\"p3\">-pour faire valoir, exercer ou d\u00e9fendre des droits juridiques.<\/p>\n<p class=\"p3\"><span class=\"s1\"><b>7.5 DROIT \u00c0 LA LIMITATION DU TRAITEMENT<\/b><\/span><\/p>\n<p class=\"p3\">L&rsquo;utilisateur a le droit d&rsquo;exiger de JUKI la limitation du traitement si l&rsquo;une des conditions suivantes est remplie :<\/p>\n<p class=\"p3\">-l&rsquo;exactitude des donn\u00e9es personnelles de l&rsquo;utilisateur est contest\u00e9e, et ce pendant une dur\u00e9e permettant \u00e0 JUKI de v\u00e9rifier l&rsquo;exactitude des donn\u00e9es personnelles ;<\/p>\n<p class=\"p3\">-le traitement est illicite et l&rsquo;utilisateur refuse l&rsquo;effacement des donn\u00e9es \u00e0 caract\u00e8re personnel et demande \u00e0 la place la limitation de l&rsquo;utilisation des donn\u00e9es \u00e0 caract\u00e8re personnel ;<\/p>\n<p class=\"p3\">-JUKI n&rsquo;a plus besoin des donn\u00e9es \u00e0 caract\u00e8re personnel pour les finalit\u00e9s du traitement, mais l&rsquo;utilisateur en a besoin pour faire valoir, exercer ou d\u00e9fendre des droits en justice, ou que<\/p>\n<p class=\"p3\">-l&rsquo;utilisateur s&rsquo;est oppos\u00e9 au traitement conform\u00e9ment \u00e0 l&rsquo;article 21, paragraphe 1, du RGPD, tant qu&rsquo;il n&rsquo;est pas \u00e9tabli que les motifs l\u00e9gitimes de JUKI pr\u00e9valent sur ceux de l&rsquo;utilisateur.<\/p>\n<p class=\"p3\">Lorsque le traitement de donn\u00e9es \u00e0 caract\u00e8re personnel a \u00e9t\u00e9 limit\u00e9, ces donn\u00e9es \u00e0 caract\u00e8re personnel ne peuvent \u00eatre trait\u00e9es, \u00e0 l&rsquo;exception de leur stockage, qu&rsquo;avec le consentement de l&rsquo;utilisateur concern\u00e9 ou pour la constatation, l&rsquo;exercice ou la d\u00e9fense de droits en justice ou pour la protection des droits d&rsquo;une autre personne physique ou morale, ou encore pour un motif d&rsquo;int\u00e9r\u00eat public important de l&rsquo;Union europ\u00e9enne ou d&rsquo;un \u00c9tat membre.<\/p>\n<p class=\"p3\"><span class=\"s1\"><b>7.6 DROIT \u00c0 LA PORTABILIT\u00c9 DES DONN\u00c9ES<\/b><\/span><\/p>\n<p class=\"p3\">L&rsquo;utilisateur a le droit de recevoir les donn\u00e9es \u00e0 caract\u00e8re personnel le\/la concernant qui ont \u00e9t\u00e9 fournies \u00e0 JUKI dans un format structur\u00e9, couramment utilis\u00e9 et lisible par machine, et l&rsquo;utilisateur a le droit de transmettre ces donn\u00e9es \u00e0 un autre responsable du traitement sans que JUKI y fasse obstacle.<\/p>\n<p class=\"p3\">Lorsqu&rsquo;il exerce son droit \u00e0 la portabilit\u00e9 des donn\u00e9es, l&rsquo;utilisateur a le droit d&rsquo;obtenir que les donn\u00e9es \u00e0 caract\u00e8re personnel soient transmises directement par JUKI \u00e0 un autre responsable du traitement, dans la mesure o\u00f9 cela est techniquement possible.<\/p>\n<p class=\"p3\">L&rsquo;exercice du droit \u00e0 la portabilit\u00e9 des donn\u00e9es n&rsquo;affecte pas le droit \u00e0 l&rsquo;effacement. Ce droit ne s&rsquo;applique pas au traitement n\u00e9cessaire \u00e0 l&rsquo;ex\u00e9cution d&rsquo;une mission d&rsquo;int\u00e9r\u00eat public ou relevant de l&rsquo;exercice de l&rsquo;autorit\u00e9 publique dont est investi le responsable du traitement.<\/p>\n<p class=\"p3\"><span class=\"s1\"><b>7.7 DROIT DE D\u00c9POSER UNE PLAINTE AUPR\u00c8S DE L&rsquo;AUTORIT\u00c9 DE CONTR\u00d4LE COMP\u00c9TENTE<\/b><\/span><\/p>\n<p class=\"p3\">Tout utilisateur a le droit, sans pr\u00e9judice de tout autre recours administratif ou judiciaire, d&rsquo;introduire une r\u00e9clamation aupr\u00e8s d&rsquo;une autorit\u00e9 de contr\u00f4le, en particulier dans l&rsquo;\u00c9tat de sa r\u00e9sidence, de son lieu de travail ou du lieu de l&rsquo;infraction pr\u00e9sum\u00e9e, si la personne concern\u00e9e consid\u00e8re que le traitement des donn\u00e9es \u00e0 caract\u00e8re personnel la concernant constitue une violation du pr\u00e9sent r\u00e8glement.<\/p>\n<p class=\"p3\">Pour toute question ou demande concernant les donn\u00e9es personnelles et pour faire valoir les pr\u00e9sents droits, tout utilisateur de CLOSER peut s&rsquo;adresser \u00e0 JUKI par courrier ou par e-mail :<\/p>\n<p class=\"p3\">15, rue de Mamer, L-8280 Kehlen (Luxembourg)<\/p>\n<p class=\"p3\">&#105;n&#102;o&#64;j&#x75;k&#x69;&#46;&#x6c;u<\/p>\n[\/vc_column_text][\/vc_column][\/vc_row]\n","protected":false},"excerpt":{"rendered":"<p>[vc_row type=\u00a0\u00bbin_container\u00a0\u00bb full_screen_row_position=\u00a0\u00bbmiddle\u00a0\u00bb column_margin=\u00a0\u00bbdefault\u00a0\u00bb column_direction=\u00a0\u00bbdefault\u00a0\u00bb column_direction_tablet=\u00a0\u00bbdefault\u00a0\u00bb column_direction_phone=\u00a0\u00bbdefault\u00a0\u00bb scene_position=\u00a0\u00bbcenter\u00a0\u00bb top_padding=\u00a0\u00bb2%\u00a0\u00bb text_color=\u00a0\u00bbdark\u00a0\u00bb text_align=\u00a0\u00bbleft\u00a0\u00bb row_border_radius=\u00a0\u00bbnone\u00a0\u00bb row_border_radius_applies=\u00a0\u00bbbg\u00a0\u00bb overflow=\u00a0\u00bbvisible\u00a0\u00bb overlay_strength=\u00a0\u00bb0.3&Prime; gradient_direction=\u00a0\u00bbleft_to_right\u00a0\u00bb shape_divider_position=\u00a0\u00bbbottom\u00a0\u00bb bg_image_animation=\u00a0\u00bbnone\u00a0\u00bb shape_type=\u00a0\u00bb\u00a0\u00bb][vc_column column_padding=\u00a0\u00bbno-extra-padding\u00a0\u00bb column_padding_tablet=\u00a0\u00bbinherit\u00a0\u00bb column_padding_phone=\u00a0\u00bbinherit\u00a0\u00bb column_padding_position=\u00a0\u00bball\u00a0\u00bb column_element_direction_desktop=\u00a0\u00bbdefault\u00a0\u00bb column_element_spacing=\u00a0\u00bbdefault\u00a0\u00bb desktop_text_alignment=\u00a0\u00bbdefault\u00a0\u00bb tablet_text_alignment=\u00a0\u00bbdefault\u00a0\u00bb phone_text_alignment=\u00a0\u00bbdefault\u00a0\u00bb background_color_opacity=\u00a0\u00bb1&Prime; background_hover_color_opacity=\u00a0\u00bb1&Prime;&#8230;<\/p>\n","protected":false},"author":1,"featured_media":0,"parent":0,"menu_order":0,"comment_status":"closed","ping_status":"closed","template":"","meta":{"_acf_changed":false,"inline_featured_image":false,"footnotes":""},"class_list":["post-830","page","type-page","status-publish"],"acf":[],"_links":{"self":[{"href":"https:\/\/closer.lu\/fr\/wp-json\/wp\/v2\/pages\/830","targetHints":{"allow":["GET"]}}],"collection":[{"href":"https:\/\/closer.lu\/fr\/wp-json\/wp\/v2\/pages"}],"about":[{"href":"https:\/\/closer.lu\/fr\/wp-json\/wp\/v2\/types\/page"}],"author":[{"embeddable":true,"href":"https:\/\/closer.lu\/fr\/wp-json\/wp\/v2\/users\/1"}],"replies":[{"embeddable":true,"href":"https:\/\/closer.lu\/fr\/wp-json\/wp\/v2\/comments?post=830"}],"version-history":[{"count":7,"href":"https:\/\/closer.lu\/fr\/wp-json\/wp\/v2\/pages\/830\/revisions"}],"predecessor-version":[{"id":1108,"href":"https:\/\/closer.lu\/fr\/wp-json\/wp\/v2\/pages\/830\/revisions\/1108"}],"wp:attachment":[{"href":"https:\/\/closer.lu\/fr\/wp-json\/wp\/v2\/media?parent=830"}],"curies":[{"name":"wp","href":"https:\/\/api.w.org\/{rel}","templated":true}]}}